{"id":230196,"date":"2025-07-24T19:19:17","date_gmt":"2025-07-24T19:19:17","guid":{"rendered":"https:\/\/cccn.colegio-escribanos.org.ar\/?page_id=230196"},"modified":"2025-11-19T11:02:37","modified_gmt":"2025-11-19T14:02:37","slug":"landing-page-2","status":"publish","type":"page","link":"https:\/\/cccn.colegio-escribanos.org.ar\/","title":{"rendered":"Landing page 2"},"content":{"rendered":"<p>[et_pb_section fb_built=\u00bb1&#8243; custom_padding_last_edited=\u00bbon|desktop\u00bb _builder_version=\u00bb4.27.4&#8243; custom_margin_tablet=\u00bb\u00bb custom_margin_phone=\u00bb\u00bb custom_margin_last_edited=\u00bbon|phone\u00bb custom_padding=\u00bb0px||0px||true|false\u00bb custom_padding_tablet=\u00bb0px||0px||true|false\u00bb custom_padding_phone=\u00bb20px||20px||true|false\u00bb locked=\u00bboff\u00bb global_colors_info=\u00bb{}\u00bb][et_pb_row _builder_version=\u00bb4.27.4&#8243; _module_preset=\u00bbdefault\u00bb custom_padding=\u00bb||0px||false|false\u00bb global_colors_info=\u00bb{}\u00bb][et_pb_column type=\u00bb4_4&#8243; _builder_version=\u00bb4.27.4&#8243; _module_preset=\u00bbdefault\u00bb global_colors_info=\u00bb{}\u00bb][et_pb_text _builder_version=\u00bb4.27.4&#8243; text_font=\u00bbFrank Ruhl Libre||||||||\u00bb text_text_color=\u00bb#000000&#8243; text_font_size=\u00bb15px\u00bb header_text_color=\u00bb#aa2c24&#8243; header_font_size=\u00bb49px\u00bb header_2_text_color=\u00bb#aa2c24&#8243; header_2_font_size=\u00bb34px\u00bb header_5_font_size=\u00bb20px\u00bb text_orientation=\u00bbcenter\u00bb custom_margin=\u00bb-6px||||false|false\u00bb custom_margin_tablet=\u00bb-13px||||false|false\u00bb custom_margin_phone=\u00bb-13px||||false|false\u00bb custom_margin_last_edited=\u00bbon|phone\u00bb text_line_height_tablet=\u00bb\u00bb text_line_height_phone=\u00bb1.8em\u00bb text_line_height_last_edited=\u00bbon|desktop\u00bb global_colors_info=\u00bb{}\u00bb text_line_height__hover_enabled=\u00bboff|desktop\u00bb]<\/p>\n<h1 style=\"text-align: center;\">Ciclo:<br \/>10 a\u00f1os del C\u00f3digo Civil y Comercial de la Naci\u00f3n<\/h1>\n<h2>Teor\u00eda, pr\u00e1ctica y nuevos desaf\u00edos<\/h2>\n<p>[\/et_pb_text][\/et_pb_column][\/et_pb_row][\/et_pb_section][et_pb_section fb_built=\u00bb1&#8243; custom_padding_last_edited=\u00bbon|desktop\u00bb admin_label=\u00bbPr\u00f3ximas conferencias\u00bb _builder_version=\u00bb4.27.4&#8243; custom_margin_tablet=\u00bb\u00bb custom_margin_phone=\u00bb\u00bb custom_margin_last_edited=\u00bbon|phone\u00bb custom_padding=\u00bb0px||0px||true|false\u00bb custom_padding_tablet=\u00bb0px||0px||true|false\u00bb custom_padding_phone=\u00bb20px||20px||true|false\u00bb locked=\u00bboff\u00bb global_colors_info=\u00bb{}\u00bb][et_pb_row _builder_version=\u00bb4.27.4&#8243; _module_preset=\u00bbdefault\u00bb global_colors_info=\u00bb{}\u00bb][et_pb_column type=\u00bb4_4&#8243; _builder_version=\u00bb4.27.4&#8243; _module_preset=\u00bbdefault\u00bb global_colors_info=\u00bb{}\u00bb][et_pb_divider _builder_version=\u00bb4.27.4&#8243; _module_preset=\u00bbdefault\u00bb custom_margin=\u00bb||-16px|||\u00bb custom_padding=\u00bb||0px|||\u00bb global_colors_info=\u00bb{}\u00bb][\/et_pb_divider][et_pb_text _builder_version=\u00bb4.27.4&#8243; _module_preset=\u00bbdefault\u00bb text_font_size=\u00bb16px\u00bb link_font=\u00bb||||on||||\u00bb link_text_color=\u00bb#0d43e5&#8243; header_4_line_height=\u00bb1.5em\u00bb header_5_font_size=\u00bb24px\u00bb text_orientation=\u00bbcenter\u00bb custom_padding=\u00bb6px||5px||false|false\u00bb global_colors_info=\u00bb{}\u00bb]<\/p>\n<h1><strong>9\u00aa conferencia<\/strong><\/h1>\n<h4><strong>mi\u00e9rcoles 26 de noviembre, 18.30 h\u00a0<\/strong><\/h4>\n<h4><strong style=\"font-size: 24px;\">El derecho de las familias a 10 a\u00f1os de la vigencia del CCCN<\/strong><\/h4>\n<h4><strong style=\"font-size: 24px;\">\u00a0<\/strong><\/h4>\n<h3><span>Dra. A\u00edda Kemelmajer<\/span><\/h3>\n<p>Av. Callao 1542<\/p>\n<p>[\/et_pb_text][\/et_pb_column][\/et_pb_row][et_pb_row column_structure=\u00bb1_2,1_2&#8243; _builder_version=\u00bb4.27.4&#8243; _module_preset=\u00bbdefault\u00bb custom_margin=\u00bb0px||||false|false\u00bb custom_padding=\u00bb0px||||false|false\u00bb global_colors_info=\u00bb{}\u00bb][et_pb_column type=\u00bb1_2&#8243; _builder_version=\u00bb4.27.4&#8243; _module_preset=\u00bbdefault\u00bb global_colors_info=\u00bb{}\u00bb][et_pb_button button_url=\u00bbhttps:\/\/publico.colegio-escribanos.org.ar:8445\/LoginAccesoRestringido\/login?t=XfCVL0V8r3VNfFbQwH5TJWr4Pb_URhEvxEEGMTcqFyRk1-IAEDKBNQ\u00bb button_text=\u00bbEscribanos CABA\u00bb button_alignment=\u00bbcenter\u00bb _builder_version=\u00bb4.27.4&#8243; _module_preset=\u00bbdefault\u00bb custom_button=\u00bbon\u00bb button_text_color=\u00bb#FFFFFF\u00bb button_bg_color=\u00bb#0b73a0&#8243; button_border_width=\u00bb0px\u00bb button_border_radius=\u00bb11px\u00bb global_colors_info=\u00bb{}\u00bb][\/et_pb_button][\/et_pb_column][et_pb_column type=\u00bb1_2&#8243; _builder_version=\u00bb4.27.4&#8243; _module_preset=\u00bbdefault\u00bb global_colors_info=\u00bb{}\u00bb][et_pb_button button_url=\u00bbhttps:\/\/publico.colegio-escribanos.org.ar:8445\/inscripcionGeneral\/inscripcion?idCapacitacion=2269&#8243; button_text=\u00bbOtras inscripciones\u00bb button_alignment=\u00bbcenter\u00bb _builder_version=\u00bb4.27.4&#8243; _module_preset=\u00bbdefault\u00bb custom_button=\u00bbon\u00bb button_text_color=\u00bb#FFFFFF\u00bb button_bg_color=\u00bb#0b73a0&#8243; button_border_width=\u00bb0px\u00bb button_border_radius=\u00bb11px\u00bb custom_margin=\u00bb0px|||||\u00bb global_colors_info=\u00bb{}\u00bb][\/et_pb_button][et_pb_text _builder_version=\u00bb4.27.4&#8243; _module_preset=\u00bbdefault\u00bb custom_margin=\u00bb-16px|||||\u00bb global_colors_info=\u00bb{}\u00bb]<\/p>\n<p><strong>Abogados, estudiantes de Derecho y escribanos de otra demarcaci\u00f3n.<\/strong><\/p>\n<p>[\/et_pb_text][\/et_pb_column][\/et_pb_row][\/et_pb_section][et_pb_section fb_built=\u00bb1&#8243; _builder_version=\u00bb4.27.4&#8243; _module_preset=\u00bbdefault\u00bb background_color=\u00bb#aa2c24&#8243; custom_padding=\u00bb54px|||||\u00bb global_colors_info=\u00bb{}\u00bb][et_pb_row column_structure=\u00bb1_2,1_2&#8243; _builder_version=\u00bb4.27.4&#8243; _module_preset=\u00bbdefault\u00bb global_colors_info=\u00bb{}\u00bb][et_pb_column type=\u00bb1_2&#8243; _builder_version=\u00bb4.27.4&#8243; _module_preset=\u00bbdefault\u00bb global_colors_info=\u00bb{}\u00bb][et_pb_image src=\u00bbhttp:\/\/cccn.colegio-escribanos.org.ar\/wp-content\/uploads\/2025\/08\/Macro-2.png\u00bb title_text=\u00bbMacro-2&#8243; align=\u00bbright\u00bb _builder_version=\u00bb4.27.4&#8243; _module_preset=\u00bbdefault\u00bb width=\u00bb43%\u00bb custom_margin=\u00bb-50px||||false|false\u00bb global_colors_info=\u00bb{}\u00bb][\/et_pb_image][\/et_pb_column][et_pb_column type=\u00bb1_2&#8243; _builder_version=\u00bb4.27.4&#8243; _module_preset=\u00bbdefault\u00bb global_colors_info=\u00bb{}\u00bb][et_pb_image src=\u00bbhttp:\/\/cccn.colegio-escribanos.org.ar\/wp-content\/uploads\/2025\/07\/Marca_Boldt_impresores_Blanco_sTranspar-scaled.png\u00bb title_text=\u00bbMarca_Boldt_impresores_Blanco_sTranspar\u00bb _builder_version=\u00bb4.27.4&#8243; _module_preset=\u00bbdefault\u00bb width=\u00bb58%\u00bb global_colors_info=\u00bb{}\u00bb][\/et_pb_image][\/et_pb_column][\/et_pb_row][et_pb_row _builder_version=\u00bb4.27.4&#8243; _module_preset=\u00bbdefault\u00bb global_colors_info=\u00bb{}\u00bb][et_pb_column type=\u00bb4_4&#8243; _builder_version=\u00bb4.27.4&#8243; _module_preset=\u00bbdefault\u00bb global_colors_info=\u00bb{}\u00bb][et_pb_text _builder_version=\u00bb4.27.4&#8243; _module_preset=\u00bbdefault\u00bb header_2_font=\u00bb|600|||||||\u00bb header_2_text_color=\u00bb#FFFFFF\u00bb header_2_font_size=\u00bb32px\u00bb custom_margin=\u00bb||-20px||false|false\u00bb custom_padding=\u00bb0px||0px||false|false\u00bb global_colors_info=\u00bb{}\u00bb]<\/p>\n<h2 style=\"text-align: center;\">Auspician el Ciclo<\/h2>\n<p>[\/et_pb_text][\/et_pb_column][\/et_pb_row][\/et_pb_section]<\/p>\n","protected":false},"excerpt":{"rendered":"<p>Ciclo:10 a\u00f1os del C\u00f3digo Civil y Comercial de la Naci\u00f3n Teor\u00eda, pr\u00e1ctica y nuevos desaf\u00edos9\u00aa conferencia mi\u00e9rcoles 26 de noviembre, 18.30 h\u00a0 El derecho de las familias a 10 a\u00f1os de la vigencia del CCCN \u00a0 Dra. A\u00edda Kemelmajer Av. Callao 1542Abogados, estudiantes de Derecho y escribanos de otra demarcaci\u00f3n.Auspician el Ciclo<\/p>\n","protected":false},"author":1,"featured_media":0,"parent":0,"menu_order":0,"comment_status":"closed","ping_status":"closed","template":"","meta":{"_et_pb_use_builder":"on","_et_pb_old_content":"","_et_gb_content_width":"","jetpack_post_was_ever_published":false,"footnotes":""},"class_list":["post-230196","page","type-page","status-publish","hentry"],"jetpack_sharing_enabled":true,"jetpack_shortlink":"https:\/\/wp.me\/P6FUNa-XSQ","_links":{"self":[{"href":"https:\/\/cccn.colegio-escribanos.org.ar\/index.php\/wp-json\/wp\/v2\/pages\/230196","targetHints":{"allow":["GET"]}}],"collection":[{"href":"https:\/\/cccn.colegio-escribanos.org.ar\/index.php\/wp-json\/wp\/v2\/pages"}],"about":[{"href":"https:\/\/cccn.colegio-escribanos.org.ar\/index.php\/wp-json\/wp\/v2\/types\/page"}],"author":[{"embeddable":true,"href":"https:\/\/cccn.colegio-escribanos.org.ar\/index.php\/wp-json\/wp\/v2\/users\/1"}],"replies":[{"embeddable":true,"href":"https:\/\/cccn.colegio-escribanos.org.ar\/index.php\/wp-json\/wp\/v2\/comments?post=230196"}],"version-history":[{"count":79,"href":"https:\/\/cccn.colegio-escribanos.org.ar\/index.php\/wp-json\/wp\/v2\/pages\/230196\/revisions"}],"predecessor-version":[{"id":230369,"href":"https:\/\/cccn.colegio-escribanos.org.ar\/index.php\/wp-json\/wp\/v2\/pages\/230196\/revisions\/230369"}],"wp:attachment":[{"href":"https:\/\/cccn.colegio-escribanos.org.ar\/index.php\/wp-json\/wp\/v2\/media?parent=230196"}],"curies":[{"name":"wp","href":"https:\/\/api.w.org\/{rel}","templated":true}]}}